{"id":86360,"date":"2021-03-11T01:05:59","date_gmt":"2021-03-11T01:05:59","guid":{"rendered":"https:\/\/2626.ca\/?page_id=86360"},"modified":"2025-10-24T14:46:29","modified_gmt":"2025-10-24T14:46:29","slug":"comite-executif","status":"publish","type":"page","link":"https:\/\/2626.ca\/fr\/simpliquer\/comite-executif\/","title":{"rendered":"Comit\u00e9 ex\u00e9cutif"},"content":{"rendered":"<p style=\"text-align: center;\">Les membres du SCFP 2626 ont la possibilit\u00e9 de se pr\u00e9senter en tant que candidat\u00b7e pour des postes \u00e9lus au sein du Comit\u00e9 ex\u00e9cutif (CE). Ces postes permettent aux membres de s\u2019impliquer de fa\u00e7on plus pouss\u00e9e dans les affaires syndicales et sont g\u00e9n\u00e9ralement r\u00e9mun\u00e9r\u00e9s. Chaque poste comporte des exigences linguistiques sp\u00e9cifiques. Les postes sont g\u00e9n\u00e9ralement combl\u00e9s lors de l\u2019Assembl\u00e9e g\u00e9n\u00e9rale annuelle (AGA) au printemps, <span style=\"font-size: 16px;\">mais il se peut que des \u00e9lections partielles aient lieu \u00e0 d\u2019autres moments, si un poste est vacant.<\/span> Vous trouverez une description d\u00e9taill\u00e9e des t\u00e2ches et des responsabilit\u00e9s associ\u00e9es \u00e0 chaque poste ci-dessous.<\/p>\n<h4 style=\"text-align: center;\">Proc\u00e9dures d\u2019\u00e9lection<\/h4>\n<p style=\"text-align: center;\">Il y a deux p\u00e9riodes de mise en candidature. La premi\u00e8re p\u00e9riode de mise en candidature commence d\u00e8s la premi\u00e8re convocation de l\u2019Assembl\u00e9e g\u00e9n\u00e9rale (AG) et se termine \u00e0 23 h 59 le jour pr\u00e9c\u00e9dant l\u2019AG. Cette p\u00e9riode de mise en candidature est pour les membres qui d\u00e9sirent poser leur candidature \u00e0 l\u2019un des postes mais qui ne peuvent se pr\u00e9senter \u00e0 l\u2019AG. La deuxi\u00e8me p\u00e9riode de mise en candidature a lieu lors de l&rsquo;AG. Celle-ci est pour les membres qui d\u00e9sirent poser leur candidature \u00e0 l\u2019un des postes et qui assistent \u00e0 l\u2019AG.<\/p>\n<h4 style=\"text-align: center;\"><strong>Premi\u00e8re p\u00e9riode de mise en candidature<\/strong><\/h4>\n<p style=\"text-align: center;\">Tout membre en r\u00e8gle qui d\u00e9sire poser sa candidature \u00e0 l\u2019un des postes, mais qui ne peut pas se pr\u00e9senter \u00e0 l\u2019AG peut remettre ou faire parvenir par courriel au ou \u00e0 la <a href=\"mailto:pa@cupe2626.ca\"><strong>Pr\u00e9sident\u00b7e d&rsquo;assembl\u00e9e<\/strong><\/a>\u00a0une lettre d\u2019intention \u00e0 cet effet avec les informations suivantes :<\/p>\n<ol style=\"text-align: center;\">\n<li style=\"text-align: left;\">Son nom, son num\u00e9ro d\u2019employ\u00e9\u00b7e et sa signature<\/li>\n<li style=\"text-align: left;\">Son num\u00e9ro de t\u00e9l\u00e9phone et son courriel<\/li>\n<li style=\"text-align: left;\">Le titre du poste convoit\u00e9<\/li>\n<li style=\"text-align: left;\">Son degr\u00e9 de fonctionnalit\u00e9 linguistique dans les langues deux officielles<\/li>\n<li style=\"text-align: left;\">Le nom, le num\u00e9ro d\u2019employ\u00e9\u00b7e et la signature de cinq (5) membres en r\u00e8gle appuyant sa candidature (un membre ne peut proposer ou<br \/>\nappuyer qu\u2019une seule candidature par poste)<\/li>\n<li style=\"text-align: left;\">Un document d\u2019une (1) page au maximum ou de deux (2) pages s\u2019il est \u00e9crit dans les deux langues officielles, dans lequel iel se pr\u00e9sentera<br \/>\net exposera son discours \u00e9lectoral<\/li>\n<\/ol>\n<h4 style=\"text-align: center;\"><strong>Deuxi\u00e8me p\u00e9riode de mise en candidature<\/strong><\/h4>\n<p style=\"text-align: center;\">Une mise en candidature se fait sous forme de proposition et doit \u00eatre appuy\u00e9e.<br \/>\nUn membre ne peut proposer ou appuyer qu\u2019une seule candidature par poste.<\/p>\n<h4 style=\"text-align: center;\">Exigences linguistiques<\/h4>\n<p style=\"text-align: center;\">Les exigences linguistiques associ\u00e9es \u00e0 chaque poste \u00e9lu au sein SCFP 2626 sont bas\u00e9es sur les degr\u00e9s de fonctionnalit\u00e9 suivants :<\/p>\n<p style=\"text-align: center;\">Degr\u00e9 A : Compr\u00e9hension \u00e9crite et orale, expression \u00e9crite et orale<br \/>\nDegr\u00e9 B : Compr\u00e9hension \u00e9crite et orale, expression orale<br \/>\nDegr\u00e9 C : Compr\u00e9hension \u00e9crite et orale<br \/>\nDegr\u00e9 D : Compr\u00e9hension \u00e9crite<\/p>\n<h4 style=\"text-align: center;\">Pour en savoir plus sur les proc\u00e9dures d&rsquo;\u00e9lection, veuillez consulter les <a href=\"https:\/\/drive.google.com\/file\/d\/1ZSJhBdzUUVCy4PSaZKYqzMXSO52Ai_D_\/view?usp=sharing\">r\u00e8glements du SCFP 2626<\/a>.<\/h4>\n","protected":false},"excerpt":{"rendered":"<p>Les membres du SCFP 2626 ont la possibilit\u00e9 de se pr\u00e9senter en tant que candidat\u00b7e pour des postes \u00e9lus au sein du Comit\u00e9 ex\u00e9cutif (CE). Ces postes permettent aux membres de s\u2019impliquer de fa\u00e7on plus pouss\u00e9e dans les affaires syndicales et sont g\u00e9n\u00e9ralement r\u00e9mun\u00e9r\u00e9s. Chaque poste comporte des exigences linguistiques sp\u00e9cifiques. Les postes sont g\u00e9n\u00e9ralement &#8230;<\/p>\n","protected":false},"author":1,"featured_media":0,"parent":86359,"menu_order":1,"comment_status":"closed","ping_status":"closed","template":"","meta":{"_acf_changed":false,"footnotes":""},"class_list":["post-86360","page","type-page","status-publish","hentry"],"acf":[],"aioseo_notices":[],"_links":{"self":[{"href":"https:\/\/2626.ca\/fr\/wp-json\/wp\/v2\/pages\/86360","targetHints":{"allow":["GET"]}}],"collection":[{"href":"https:\/\/2626.ca\/fr\/wp-json\/wp\/v2\/pages"}],"about":[{"href":"https:\/\/2626.ca\/fr\/wp-json\/wp\/v2\/types\/page"}],"author":[{"embeddable":true,"href":"https:\/\/2626.ca\/fr\/wp-json\/wp\/v2\/users\/1"}],"replies":[{"embeddable":true,"href":"https:\/\/2626.ca\/fr\/wp-json\/wp\/v2\/comments?post=86360"}],"version-history":[{"count":5,"href":"https:\/\/2626.ca\/fr\/wp-json\/wp\/v2\/pages\/86360\/revisions"}],"predecessor-version":[{"id":102783,"href":"https:\/\/2626.ca\/fr\/wp-json\/wp\/v2\/pages\/86360\/revisions\/102783"}],"up":[{"embeddable":true,"href":"https:\/\/2626.ca\/fr\/wp-json\/wp\/v2\/pages\/86359"}],"wp:attachment":[{"href":"https:\/\/2626.ca\/fr\/wp-json\/wp\/v2\/media?parent=86360"}],"curies":[{"name":"wp","href":"https:\/\/api.w.org\/{rel}","templated":true}]}}